{"id":101,"date":"2020-02-12T19:04:32","date_gmt":"2020-02-12T18:04:32","guid":{"rendered":"http:\/\/www.elsbeerreich.at\/WP\/?page_id=101"},"modified":"2020-05-03T12:27:24","modified_gmt":"2020-05-03T10:27:24","slug":"elsbeer-dirndl","status":"publish","type":"page","link":"https:\/\/www.elsbeerreich.at\/WP\/produkte\/elsbeer-dirndl\/","title":{"rendered":"Elsbeer Dirndl"},"content":{"rendered":"\n<p>Die Bl\u00fcte im Wei\u00df der Bluse, das Holz in  den Elsbeer-Kn\u00f6pfen und die pr\u00e4chtige F\u00e4rbung des Laubes als Kontrast im  Gesamterscheinungsbild in der Sch\u00fcrze.<\/p>\n\n\n\n<p>Dieses Dirndl gibt es auf Anfrage beim Verein zu haben.<\/p>\n\n\n\n<div class=\"wp-block-media-text alignwide\" style=\"grid-template-columns:28% auto\"><figure class=\"wp-block-media-text__media\"><img loading=\"lazy\" decoding=\"async\" width=\"400\" height=\"533\" src=\"https:\/\/www.elsbeerreich.at\/WP\/wp-content\/Dirndl-03.jpg\" alt=\"\" class=\"wp-image-105\" srcset=\"https:\/\/www.elsbeerreich.at\/WP\/wp-content\/Dirndl-03.jpg 400w, https:\/\/www.elsbeerreich.at\/WP\/wp-content\/Dirndl-03-225x300.jpg 225w\" sizes=\"auto, (max-width: 400px) 100vw, 400px\" \/><\/figure><div class=\"wp-block-media-text__content\">\n<p><strong> &#8211; Elsbeer Farben &#8211;<\/strong><\/p>\n\n\n\n<p class=\"has-normal-font-size\">In den Farben wurde das Dirndl den Fr\u00fcchten und dem Baum nachempfunden.<br>Das Braun der Fr\u00fcchte findet sich in der Stofffarbe des Rockes, in der Variation aber auch in der Farbe des Oberteiles.<\/p>\n<\/div><\/div>\n\n\n\n<p><em>Information:<\/em><br>  Gertraud Vonwald,&nbsp; 02744 \/ 8216,&nbsp; <a href=\"mailto:vonwald@utanet.at?subject=ElsbeerReich%20Dirndl\">vonwald@utanet.at<\/a>&nbsp; oder<br>  Veronika Mayer,&nbsp;&nbsp; 0664 \/ 9568341,&nbsp;&nbsp; <a href=\"mailto:edelbrand@elsbeere.at?subject=ElsbeerReich%20Dirndl\">elsbeere@aon.at<\/a><\/p>\n\n\n\n<figure class=\"wp-block-gallery columns-3 is-cropped wp-block-gallery-1 is-layout-flex wp-block-gallery-is-layout-flex\"><ul class=\"blocks-gallery-grid\"><li class=\"blocks-gallery-item\"><figure><img loading=\"lazy\" decoding=\"async\" width=\"400\" height=\"533\" src=\"https:\/\/www.elsbeerreich.at\/WP\/wp-content\/Dirndl-02.jpg\" alt=\"\" data-id=\"104\" data-full-url=\"https:\/\/www.elsbeerreich.at\/WP\/wp-content\/Dirndl-02.jpg\" data-link=\"https:\/\/www.elsbeerreich.at\/WP\/?attachment_id=104\" class=\"wp-image-104\" srcset=\"https:\/\/www.elsbeerreich.at\/WP\/wp-content\/Dirndl-02.jpg 400w, https:\/\/www.elsbeerreich.at\/WP\/wp-content\/Dirndl-02-225x300.jpg 225w\" sizes=\"auto, (max-width: 400px) 100vw, 400px\" \/><\/figure><\/li><li class=\"blocks-gallery-item\"><figure><img loading=\"lazy\" decoding=\"async\" width=\"400\" height=\"533\" src=\"https:\/\/www.elsbeerreich.at\/WP\/wp-content\/Dirndl-05.jpg\" alt=\"\" data-id=\"107\" data-full-url=\"https:\/\/www.elsbeerreich.at\/WP\/wp-content\/Dirndl-05.jpg\" data-link=\"https:\/\/www.elsbeerreich.at\/WP\/?attachment_id=107\" class=\"wp-image-107\" srcset=\"https:\/\/www.elsbeerreich.at\/WP\/wp-content\/Dirndl-05.jpg 400w, https:\/\/www.elsbeerreich.at\/WP\/wp-content\/Dirndl-05-225x300.jpg 225w\" sizes=\"auto, (max-width: 400px) 100vw, 400px\" \/><\/figure><\/li><li class=\"blocks-gallery-item\"><figure><img loading=\"lazy\" decoding=\"async\" width=\"400\" height=\"300\" src=\"https:\/\/www.elsbeerreich.at\/WP\/wp-content\/Dirndl-04.jpg\" alt=\"\" data-id=\"106\" data-full-url=\"https:\/\/www.elsbeerreich.at\/WP\/wp-content\/Dirndl-04.jpg\" data-link=\"https:\/\/www.elsbeerreich.at\/WP\/?attachment_id=106\" class=\"wp-image-106\" srcset=\"https:\/\/www.elsbeerreich.at\/WP\/wp-content\/Dirndl-04.jpg 400w, https:\/\/www.elsbeerreich.at\/WP\/wp-content\/Dirndl-04-300x225.jpg 300w\" sizes=\"auto, (max-width: 400px) 100vw, 400px\" \/><figcaption class=\"blocks-gallery-item__caption\"><strong>Die Farben des Dirndls<\/strong><\/figcaption><\/figure><\/li><li class=\"blocks-gallery-item\"><figure><img loading=\"lazy\" decoding=\"async\" width=\"400\" height=\"533\" src=\"https:\/\/www.elsbeerreich.at\/WP\/wp-content\/Dirndl-06.jpg\" alt=\"\" data-id=\"108\" data-full-url=\"https:\/\/www.elsbeerreich.at\/WP\/wp-content\/Dirndl-06.jpg\" data-link=\"https:\/\/www.elsbeerreich.at\/WP\/?attachment_id=108\" class=\"wp-image-108\" srcset=\"https:\/\/www.elsbeerreich.at\/WP\/wp-content\/Dirndl-06.jpg 400w, https:\/\/www.elsbeerreich.at\/WP\/wp-content\/Dirndl-06-225x300.jpg 225w\" sizes=\"auto, (max-width: 400px) 100vw, 400px\" \/><\/figure><\/li><li class=\"blocks-gallery-item\"><figure><img loading=\"lazy\" decoding=\"async\" width=\"400\" height=\"300\" src=\"https:\/\/www.elsbeerreich.at\/WP\/wp-content\/Dirndl-07.jpg\" alt=\"\" data-id=\"109\" data-full-url=\"https:\/\/www.elsbeerreich.at\/WP\/wp-content\/Dirndl-07.jpg\" data-link=\"https:\/\/www.elsbeerreich.at\/WP\/?attachment_id=109\" class=\"wp-image-109\" srcset=\"https:\/\/www.elsbeerreich.at\/WP\/wp-content\/Dirndl-07.jpg 400w, https:\/\/www.elsbeerreich.at\/WP\/wp-content\/Dirndl-07-300x225.jpg 300w\" sizes=\"auto, (max-width: 400px) 100vw, 400px\" \/><\/figure><\/li><li class=\"blocks-gallery-item\"><figure><img loading=\"lazy\" decoding=\"async\" width=\"400\" height=\"300\" src=\"https:\/\/www.elsbeerreich.at\/WP\/wp-content\/Dirndl-08.jpg\" alt=\"\" data-id=\"110\" data-full-url=\"https:\/\/www.elsbeerreich.at\/WP\/wp-content\/Dirndl-08.jpg\" data-link=\"https:\/\/www.elsbeerreich.at\/WP\/?attachment_id=110\" class=\"wp-image-110\" srcset=\"https:\/\/www.elsbeerreich.at\/WP\/wp-content\/Dirndl-08.jpg 400w, https:\/\/www.elsbeerreich.at\/WP\/wp-content\/Dirndl-08-300x225.jpg 300w\" sizes=\"auto, (max-width: 400px) 100vw, 400px\" \/><\/figure><\/li><li class=\"blocks-gallery-item\"><figure><img loading=\"lazy\" decoding=\"async\" width=\"800\" height=\"535\" src=\"https:\/\/www.elsbeerreich.at\/WP\/wp-content\/Dirndl-09.jpg\" alt=\"\" data-id=\"111\" data-full-url=\"https:\/\/www.elsbeerreich.at\/WP\/wp-content\/Dirndl-09.jpg\" data-link=\"https:\/\/www.elsbeerreich.at\/WP\/?attachment_id=111\" class=\"wp-image-111\" srcset=\"https:\/\/www.elsbeerreich.at\/WP\/wp-content\/Dirndl-09.jpg 800w, https:\/\/www.elsbeerreich.at\/WP\/wp-content\/Dirndl-09-300x201.jpg 300w, https:\/\/www.elsbeerreich.at\/WP\/wp-content\/Dirndl-09-768x514.jpg 768w\" sizes=\"auto, (max-width: 767px) 89vw, (max-width: 1000px) 54vw, (max-width: 1071px) 543px, 580px\" \/><\/figure><\/li><\/ul><\/figure>\n","protected":false},"excerpt":{"rendered":"<p>Die Bl\u00fcte im Wei\u00df der Bluse, das Holz in den Elsbeer-Kn\u00f6pfen und die pr\u00e4chtige F\u00e4rbung des Laubes als Kontrast im Gesamterscheinungsbild in der Sch\u00fcrze. Dieses Dirndl gibt es auf Anfrage beim Verein zu haben. &#8211; Elsbeer Farben &#8211; In den Farben wurde das Dirndl den Fr\u00fcchten und dem Baum nachempfunden.Das Braun der Fr\u00fcchte findet sich &hellip; <\/p>\n<p class=\"link-more\"><a href=\"https:\/\/www.elsbeerreich.at\/WP\/produkte\/elsbeer-dirndl\/\" class=\"more-link\"><span class=\"screen-reader-text\">\u201eElsbeer Dirndl\u201c <\/span>weiterlesen<\/a><\/p>\n","protected":false},"author":1,"featured_media":0,"parent":2,"menu_order":0,"comment_status":"closed","ping_status":"closed","template":"","meta":{"footnotes":""},"class_list":["post-101","page","type-page","status-publish","hentry"],"_links":{"self":[{"href":"https:\/\/www.elsbeerreich.at\/WP\/wp-json\/wp\/v2\/pages\/101","targetHints":{"allow":["GET"]}}],"collection":[{"href":"https:\/\/www.elsbeerreich.at\/WP\/wp-json\/wp\/v2\/pages"}],"about":[{"href":"https:\/\/www.elsbeerreich.at\/WP\/wp-json\/wp\/v2\/types\/page"}],"author":[{"embeddable":true,"href":"https:\/\/www.elsbeerreich.at\/WP\/wp-json\/wp\/v2\/users\/1"}],"replies":[{"embeddable":true,"href":"https:\/\/www.elsbeerreich.at\/WP\/wp-json\/wp\/v2\/comments?post=101"}],"version-history":[{"count":7,"href":"https:\/\/www.elsbeerreich.at\/WP\/wp-json\/wp\/v2\/pages\/101\/revisions"}],"predecessor-version":[{"id":673,"href":"https:\/\/www.elsbeerreich.at\/WP\/wp-json\/wp\/v2\/pages\/101\/revisions\/673"}],"up":[{"embeddable":true,"href":"https:\/\/www.elsbeerreich.at\/WP\/wp-json\/wp\/v2\/pages\/2"}],"wp:attachment":[{"href":"https:\/\/www.elsbeerreich.at\/WP\/wp-json\/wp\/v2\/media?parent=101"}],"curies":[{"name":"wp","href":"https:\/\/api.w.org\/{rel}","templated":true}]}}